{"id":24907,"date":"2026-09-01T11:32:43","date_gmt":"2026-09-01T14:32:43","guid":{"rendered":"https:\/\/caetanoimoveis.com.br\/?post_type=property&#038;p=24907"},"modified":"2026-09-01T11:35:11","modified_gmt":"2026-09-01T14:35:11","slug":"aluguel-galpao-7","status":"publish","type":"property","link":"https:\/\/caetanoimoveis.com.br\/?property=aluguel-galpao-7","title":{"rendered":"Aluguel &#8211; Sala Comercial"},"content":{"rendered":"","protected":false},"excerpt":{"rendered":"","protected":false},"author":2,"featured_media":24908,"parent":0,"menu_order":0,"template":"","meta":{"content-type":"","_monsterinsights_skip_tracking":false,"_links_to":"","_links_to_target":""},"property_type":[94],"property_status":[88],"property_feature":[],"property_label":[],"property_city":[82],"class_list":["post-24907","property","type-property","status-publish","has-post-thumbnail","hentry","property_type-commercial","property_status-aluguel","property_city-goianesia"],"aioseo_notices":[],"aioseo_head":"\n\t\t<!-- All in One SEO 4.9.10 - aioseo.com -->\n\t<meta name=\"robots\" content=\"max-image-preview:large\" \/>\n\t<meta name=\"author\" content=\"Isabela Caetano\"\/>\n\t<link rel=\"canonical\" href=\"https:\/\/caetanoimoveis.com.br\/?property=aluguel-galpao-7\" \/>\n\t<meta name=\"generator\" content=\"All in One SEO (AIOSEO) 4.9.10\" \/>\n\t\t<meta property=\"og:locale\" content=\"pt_BR\" \/>\n\t\t<meta property=\"og:site_name\" content=\"-\" \/>\n\t\t<meta property=\"og:type\" content=\"article\" \/>\n\t\t<meta property=\"og:title\" content=\"Aluguel \u2013 Sala Comercial -\" \/>\n\t\t<meta property=\"og:url\" content=\"https:\/\/caetanoimoveis.com.br\/?property=aluguel-galpao-7\" \/>\n\t\t<meta property=\"article:published_time\" content=\"2026-09-01T14:32:43+00:00\" \/>\n\t\t<meta property=\"article:modified_time\" content=\"2026-09-01T14:35:11+00:00\" \/>\n\t\t<meta name=\"twitter:card\" content=\"summary_large_image\" \/>\n\t\t<meta name=\"twitter:title\" content=\"Aluguel \u2013 Sala Comercial -\" \/>\n\t\t<script type=\"application\/ld+json\" class=\"aioseo-schema\">\n\t\t\t{\"@context\":\"https:\\\/\\\/schema.org\",\"@graph\":[{\"@type\":\"BreadcrumbList\",\"@id\":\"https:\\\/\\\/caetanoimoveis.com.br\\\/?property=aluguel-galpao-7#breadcrumblist\",\"itemListElement\":[{\"@type\":\"ListItem\",\"@id\":\"https:\\\/\\\/caetanoimoveis.com.br#listItem\",\"position\":1,\"name\":\"Home\",\"item\":\"https:\\\/\\\/caetanoimoveis.com.br\",\"nextItem\":{\"@type\":\"ListItem\",\"@id\":\"https:\\\/\\\/caetanoimoveis.com.br\\\/?post_type=property#listItem\",\"name\":\"Im\\u00f3veis\"}},{\"@type\":\"ListItem\",\"@id\":\"https:\\\/\\\/caetanoimoveis.com.br\\\/?post_type=property#listItem\",\"position\":2,\"name\":\"Im\\u00f3veis\",\"item\":\"https:\\\/\\\/caetanoimoveis.com.br\\\/?post_type=property\",\"nextItem\":{\"@type\":\"ListItem\",\"@id\":\"https:\\\/\\\/caetanoimoveis.com.br\\\/?property_type=commercial#listItem\",\"name\":\"Comercial\"},\"previousItem\":{\"@type\":\"ListItem\",\"@id\":\"https:\\\/\\\/caetanoimoveis.com.br#listItem\",\"name\":\"Home\"}},{\"@type\":\"ListItem\",\"@id\":\"https:\\\/\\\/caetanoimoveis.com.br\\\/?property_type=commercial#listItem\",\"position\":3,\"name\":\"Comercial\",\"item\":\"https:\\\/\\\/caetanoimoveis.com.br\\\/?property_type=commercial\",\"nextItem\":{\"@type\":\"ListItem\",\"@id\":\"https:\\\/\\\/caetanoimoveis.com.br\\\/?property=aluguel-galpao-7#listItem\",\"name\":\"Aluguel &#8211; Sala Comercial\"},\"previousItem\":{\"@type\":\"ListItem\",\"@id\":\"https:\\\/\\\/caetanoimoveis.com.br\\\/?post_type=property#listItem\",\"name\":\"Im\\u00f3veis\"}},{\"@type\":\"ListItem\",\"@id\":\"https:\\\/\\\/caetanoimoveis.com.br\\\/?property=aluguel-galpao-7#listItem\",\"position\":4,\"name\":\"Aluguel &#8211; Sala Comercial\",\"previousItem\":{\"@type\":\"ListItem\",\"@id\":\"https:\\\/\\\/caetanoimoveis.com.br\\\/?property_type=commercial#listItem\",\"name\":\"Comercial\"}}]},{\"@type\":\"Organization\",\"@id\":\"https:\\\/\\\/caetanoimoveis.com.br\\\/#organization\",\"url\":\"https:\\\/\\\/caetanoimoveis.com.br\\\/\"},{\"@type\":\"Person\",\"@id\":\"https:\\\/\\\/caetanoimoveis.com.br\\\/?author=2#author\",\"url\":\"https:\\\/\\\/caetanoimoveis.com.br\\\/?author=2\",\"name\":\"Isabela Caetano\",\"image\":{\"@type\":\"ImageObject\",\"@id\":\"https:\\\/\\\/caetanoimoveis.com.br\\\/?property=aluguel-galpao-7#authorImage\",\"url\":\"https:\\\/\\\/secure.gravatar.com\\\/avatar\\\/66317b73b440923df9285804910ceab5ecbac55ecf7b1309f5127bb1c8b81d0a?s=96&d=mm&r=g\",\"width\":96,\"height\":96,\"caption\":\"Isabela Caetano\"}},{\"@type\":\"WebPage\",\"@id\":\"https:\\\/\\\/caetanoimoveis.com.br\\\/?property=aluguel-galpao-7#webpage\",\"url\":\"https:\\\/\\\/caetanoimoveis.com.br\\\/?property=aluguel-galpao-7\",\"name\":\"Aluguel \\u2013 Sala Comercial -\",\"inLanguage\":\"pt-BR\",\"isPartOf\":{\"@id\":\"https:\\\/\\\/caetanoimoveis.com.br\\\/#website\"},\"breadcrumb\":{\"@id\":\"https:\\\/\\\/caetanoimoveis.com.br\\\/?property=aluguel-galpao-7#breadcrumblist\"},\"author\":{\"@id\":\"https:\\\/\\\/caetanoimoveis.com.br\\\/?author=2#author\"},\"creator\":{\"@id\":\"https:\\\/\\\/caetanoimoveis.com.br\\\/?author=2#author\"},\"image\":{\"@type\":\"ImageObject\",\"url\":\"https:\\\/\\\/caetanoimoveis.com.br\\\/wp-content\\\/uploads\\\/2026\\\/09\\\/WhatsApp-Image-2026-09-01-at-10.15.42.jpeg\",\"@id\":\"https:\\\/\\\/caetanoimoveis.com.br\\\/?property=aluguel-galpao-7\\\/#mainImage\",\"width\":1600,\"height\":1200},\"primaryImageOfPage\":{\"@id\":\"https:\\\/\\\/caetanoimoveis.com.br\\\/?property=aluguel-galpao-7#mainImage\"},\"datePublished\":\"2026-09-01T11:32:43-03:00\",\"dateModified\":\"2026-09-01T11:35:11-03:00\"},{\"@type\":\"WebSite\",\"@id\":\"https:\\\/\\\/caetanoimoveis.com.br\\\/#website\",\"url\":\"https:\\\/\\\/caetanoimoveis.com.br\\\/\",\"inLanguage\":\"pt-BR\",\"publisher\":{\"@id\":\"https:\\\/\\\/caetanoimoveis.com.br\\\/#organization\"}}]}\n\t\t<\/script>\n\t\t<!-- All in One SEO -->\n\n","aioseo_head_json":{"title":"Aluguel \u2013 Sala Comercial -","description":"","canonical_url":"https:\/\/caetanoimoveis.com.br\/?property=aluguel-galpao-7","robots":"max-image-preview:large","keywords":"","webmasterTools":{"miscellaneous":""},"schema":{"@context":"https:\/\/schema.org","@graph":[{"@type":"BreadcrumbList","@id":"https:\/\/caetanoimoveis.com.br\/?property=aluguel-galpao-7#breadcrumblist","itemListElement":[{"@type":"ListItem","@id":"https:\/\/caetanoimoveis.com.br#listItem","position":1,"name":"Home","item":"https:\/\/caetanoimoveis.com.br","nextItem":{"@type":"ListItem","@id":"https:\/\/caetanoimoveis.com.br\/?post_type=property#listItem","name":"Im\u00f3veis"}},{"@type":"ListItem","@id":"https:\/\/caetanoimoveis.com.br\/?post_type=property#listItem","position":2,"name":"Im\u00f3veis","item":"https:\/\/caetanoimoveis.com.br\/?post_type=property","nextItem":{"@type":"ListItem","@id":"https:\/\/caetanoimoveis.com.br\/?property_type=commercial#listItem","name":"Comercial"},"previousItem":{"@type":"ListItem","@id":"https:\/\/caetanoimoveis.com.br#listItem","name":"Home"}},{"@type":"ListItem","@id":"https:\/\/caetanoimoveis.com.br\/?property_type=commercial#listItem","position":3,"name":"Comercial","item":"https:\/\/caetanoimoveis.com.br\/?property_type=commercial","nextItem":{"@type":"ListItem","@id":"https:\/\/caetanoimoveis.com.br\/?property=aluguel-galpao-7#listItem","name":"Aluguel &#8211; Sala Comercial"},"previousItem":{"@type":"ListItem","@id":"https:\/\/caetanoimoveis.com.br\/?post_type=property#listItem","name":"Im\u00f3veis"}},{"@type":"ListItem","@id":"https:\/\/caetanoimoveis.com.br\/?property=aluguel-galpao-7#listItem","position":4,"name":"Aluguel &#8211; Sala Comercial","previousItem":{"@type":"ListItem","@id":"https:\/\/caetanoimoveis.com.br\/?property_type=commercial#listItem","name":"Comercial"}}]},{"@type":"Organization","@id":"https:\/\/caetanoimoveis.com.br\/#organization","url":"https:\/\/caetanoimoveis.com.br\/"},{"@type":"Person","@id":"https:\/\/caetanoimoveis.com.br\/?author=2#author","url":"https:\/\/caetanoimoveis.com.br\/?author=2","name":"Isabela Caetano","image":{"@type":"ImageObject","@id":"https:\/\/caetanoimoveis.com.br\/?property=aluguel-galpao-7#authorImage","url":"https:\/\/secure.gravatar.com\/avatar\/66317b73b440923df9285804910ceab5ecbac55ecf7b1309f5127bb1c8b81d0a?s=96&d=mm&r=g","width":96,"height":96,"caption":"Isabela Caetano"}},{"@type":"WebPage","@id":"https:\/\/caetanoimoveis.com.br\/?property=aluguel-galpao-7#webpage","url":"https:\/\/caetanoimoveis.com.br\/?property=aluguel-galpao-7","name":"Aluguel \u2013 Sala Comercial -","inLanguage":"pt-BR","isPartOf":{"@id":"https:\/\/caetanoimoveis.com.br\/#website"},"breadcrumb":{"@id":"https:\/\/caetanoimoveis.com.br\/?property=aluguel-galpao-7#breadcrumblist"},"author":{"@id":"https:\/\/caetanoimoveis.com.br\/?author=2#author"},"creator":{"@id":"https:\/\/caetanoimoveis.com.br\/?author=2#author"},"image":{"@type":"ImageObject","url":"https:\/\/caetanoimoveis.com.br\/wp-content\/uploads\/2026\/09\/WhatsApp-Image-2026-09-01-at-10.15.42.jpeg","@id":"https:\/\/caetanoimoveis.com.br\/?property=aluguel-galpao-7\/#mainImage","width":1600,"height":1200},"primaryImageOfPage":{"@id":"https:\/\/caetanoimoveis.com.br\/?property=aluguel-galpao-7#mainImage"},"datePublished":"2026-09-01T11:32:43-03:00","dateModified":"2026-09-01T11:35:11-03:00"},{"@type":"WebSite","@id":"https:\/\/caetanoimoveis.com.br\/#website","url":"https:\/\/caetanoimoveis.com.br\/","inLanguage":"pt-BR","publisher":{"@id":"https:\/\/caetanoimoveis.com.br\/#organization"}}]},"og:locale":"pt_BR","og:site_name":"-","og:type":"article","og:title":"Aluguel \u2013 Sala Comercial -","og:url":"https:\/\/caetanoimoveis.com.br\/?property=aluguel-galpao-7","article:published_time":"2026-09-01T14:32:43+00:00","article:modified_time":"2026-09-01T14:35:11+00:00","twitter:card":"summary_large_image","twitter:title":"Aluguel \u2013 Sala Comercial -"},"aioseo_meta_data":{"post_id":"24907","title":"#post_title #separator_sa #site_title","description":"#post_excerpt","keywords":null,"keyphrases":{"focus":{"keyphrase":"","score":0,"analysis":{"keyphraseInTitle":{"score":0,"maxScore":9,"error":1}}},"additional":[]},"primary_term":null,"canonical_url":null,"og_title":null,"og_description":null,"og_object_type":"default","og_image_type":"default","og_image_url":null,"og_image_width":null,"og_image_height":null,"og_image_custom_url":null,"og_image_custom_fields":null,"og_video":"","og_custom_url":null,"og_article_section":null,"og_article_tags":null,"twitter_use_og":false,"twitter_card":"default","twitter_image_type":"default","twitter_image_url":null,"twitter_image_custom_url":null,"twitter_image_custom_fields":null,"twitter_title":null,"twitter_description":null,"schema":{"blockGraphs":[],"customGraphs":[],"default":{"data":{"Article":[],"Course":[],"Dataset":[],"FAQPage":[],"Movie":[],"Person":[],"Product":[],"ProductReview":[],"Car":[],"Recipe":[],"Service":[],"SoftwareApplication":[],"WebPage":[]},"graphName":"WebPage","isEnabled":true},"graphs":[]},"schema_type":"default","schema_type_options":null,"pillar_content":false,"robots_default":true,"robots_noindex":false,"robots_noarchive":false,"robots_nosnippet":false,"robots_nofollow":false,"robots_noimageindex":false,"robots_noodp":false,"robots_notranslate":false,"robots_max_snippet":"-1","robots_max_videopreview":"-1","robots_max_imagepreview":"large","priority":null,"frequency":"default","local_seo":null,"breadcrumb_settings":null,"limit_modified_date":false,"ai":{"faqs":[],"keyPoints":[],"schemas":[],"titles":[],"descriptions":[],"socialPosts":{"email":{"subject":"","preview":"","content":""},"linkedin":[],"twitter":[],"facebook":[],"instagram":[]}},"created":"2026-09-01 14:34:27","updated":"2026-09-01 15:04:03","seo_analyzer_scan_date":null},"aioseo_breadcrumb":"<div class=\"aioseo-breadcrumbs\"><span class=\"aioseo-breadcrumb\">\n\t\t\t<a href=\"https:\/\/caetanoimoveis.com.br\" title=\"Home\">Home<\/a>\n\t\t<\/span><span class=\"aioseo-breadcrumb-separator\">&raquo;<\/span><span class=\"aioseo-breadcrumb\">\n\t\t\t<a href=\"https:\/\/caetanoimoveis.com.br\/?post_type=property\" title=\"Im\u00f3veis\">Im\u00f3veis<\/a>\n\t\t<\/span><span class=\"aioseo-breadcrumb-separator\">&raquo;<\/span><span class=\"aioseo-breadcrumb\">\n\t\t\t<a href=\"https:\/\/caetanoimoveis.com.br\/?property_type=commercial\" title=\"Comercial\">Comercial<\/a>\n\t\t<\/span><span class=\"aioseo-breadcrumb-separator\">&raquo;<\/span><span class=\"aioseo-breadcrumb\">\n\t\t\tAluguel \u2013 Sala Comercial\n\t\t<\/span><\/div>","aioseo_breadcrumb_json":[{"label":"Home","link":"https:\/\/caetanoimoveis.com.br"},{"label":"Im\u00f3veis","link":"https:\/\/caetanoimoveis.com.br\/?post_type=property"},{"label":"Comercial","link":"https:\/\/caetanoimoveis.com.br\/?property_type=commercial"},{"label":"Aluguel &#8211; Sala Comercial","link":"https:\/\/caetanoimoveis.com.br\/?property=aluguel-galpao-7"}],"property_meta":{"_edit_lock":["1788273311:2"],"_thumbnail_id":["24908"],"_edit_last":["2"],"fave_property_price":["R$ 3.000,00"],"fave_show_price_placeholder":["0"],"fave_property_map":["1"],"fave_property_map_address":["Rua 40 esq. com a 31 S\u00e3o Crist\u00f3v\u00e3o"],"fave_property_location":["25.68654,-80.431345,16"],"houzez_geolocation_lat":["25.68654"],"houzez_geolocation_long":["-80.431345"],"fave_property_map_street_view":["hide"],"fave_featured":["0"],"houzez_featured_listing_date":[""],"fave_loggedintoview":["0"],"fave_agent_display_option":["author_info"],"fave_prop_homeslider":["no"],"fave_single_top_area":["global"],"fave_single_content_area":["global"],"_aioseo_title":[null],"_aioseo_description":[null],"_aioseo_og_title":[""],"_aioseo_og_description":[""],"_aioseo_og_article_section":[""],"_aioseo_twitter_title":[""],"_aioseo_twitter_description":[""],"_aioseo_keywords":["a:0:{}"],"_aioseo_og_article_tags":["a:0:{}"],"houzez_manual_expire":["0"],"_houzez_expiration_date_status":["saved"],"fave_payment_status":["not_paid"],"rs_page_bg_color":[""],"houzez_total_property_views":["2"],"houzez_views_by_date":["a:1:{s:10:\"09-01-2026\";i:2;}"],"houzez_recently_viewed":["2026-09-01 12:17:47"],"_elementor_page_assets":["a:0:{}"]},"_links":{"self":[{"href":"https:\/\/caetanoimoveis.com.br\/index.php?rest_route=\/wp\/v2\/Im\u00f3veis\/24907","targetHints":{"allow":["GET"]}}],"collection":[{"href":"https:\/\/caetanoimoveis.com.br\/index.php?rest_route=\/wp\/v2\/Im\u00f3veis"}],"about":[{"href":"https:\/\/caetanoimoveis.com.br\/index.php?rest_route=\/wp\/v2\/types\/property"}],"author":[{"embeddable":true,"href":"https:\/\/caetanoimoveis.com.br\/index.php?rest_route=\/wp\/v2\/users\/2"}],"version-history":[{"count":2,"href":"https:\/\/caetanoimoveis.com.br\/index.php?rest_route=\/wp\/v2\/Im\u00f3veis\/24907\/revisions"}],"predecessor-version":[{"id":24911,"href":"https:\/\/caetanoimoveis.com.br\/index.php?rest_route=\/wp\/v2\/Im\u00f3veis\/24907\/revisions\/24911"}],"wp:featuredmedia":[{"embeddable":true,"href":"https:\/\/caetanoimoveis.com.br\/index.php?rest_route=\/wp\/v2\/media\/24908"}],"wp:attachment":[{"href":"https:\/\/caetanoimoveis.com.br\/index.php?rest_route=%2Fwp%2Fv2%2Fmedia&parent=24907"}],"wp:term":[{"taxonomy":"property_type","embeddable":true,"href":"https:\/\/caetanoimoveis.com.br\/index.php?rest_route=%2Fwp%2Fv2%2Fproperty_type&post=24907"},{"taxonomy":"property_status","embeddable":true,"href":"https:\/\/caetanoimoveis.com.br\/index.php?rest_route=%2Fwp%2Fv2%2Fproperty_status&post=24907"},{"taxonomy":"property_feature","embeddable":true,"href":"https:\/\/caetanoimoveis.com.br\/index.php?rest_route=%2Fwp%2Fv2%2Fproperty_feature&post=24907"},{"taxonomy":"property_label","embeddable":true,"href":"https:\/\/caetanoimoveis.com.br\/index.php?rest_route=%2Fwp%2Fv2%2Fproperty_label&post=24907"},{"taxonomy":"property_city","embeddable":true,"href":"https:\/\/caetanoimoveis.com.br\/index.php?rest_route=%2Fwp%2Fv2%2Fproperty_city&post=24907"}],"curies":[{"name":"wp","href":"https:\/\/api.w.org\/{rel}","templated":true}]}}